{"id":84,"date":"2016-02-20T19:09:31","date_gmt":"2016-02-20T18:09:31","guid":{"rendered":"http:\/\/gymnasium-mariengarden.de\/wordpress_testkopie\/?page_id=84"},"modified":"2024-03-14T08:24:24","modified_gmt":"2024-03-14T07:24:24","slug":"differenzierung-spanisch","status":"publish","type":"page","link":"https:\/\/www.gymnasium-mariengarden.de\/wordpress\/differenzierung-mittelstufe\/differenzierung-spanisch\/","title":{"rendered":"Differenzierung Spanisch"},"content":{"rendered":"<p><img loading=\"lazy\" decoding=\"async\" class=\"wp-image-1124 alignnone\" src=\"http:\/\/gymnasium-mariengarden.de\/wordpress\/wp-content\/uploads\/2016\/02\/spanisch1-e1456081682690.jpg\" alt=\"\" width=\"100\" height=\"100\" srcset=\"https:\/\/www.gymnasium-mariengarden.de\/wordpress\/wp-content\/uploads\/2016\/02\/spanisch1-e1456081682690.jpg 400w, https:\/\/www.gymnasium-mariengarden.de\/wordpress\/wp-content\/uploads\/2016\/02\/spanisch1-e1456081682690-150x150.jpg 150w, https:\/\/www.gymnasium-mariengarden.de\/wordpress\/wp-content\/uploads\/2016\/02\/spanisch1-e1456081682690-300x300.jpg 300w\" sizes=\"auto, (max-width: 100px) 100vw, 100px\" \/>\u00a0<img loading=\"lazy\" decoding=\"async\" class=\"wp-image-1129 alignnone\" src=\"http:\/\/gymnasium-mariengarden.de\/wordpress\/wp-content\/uploads\/2016\/02\/spanisch6.jpg\" alt=\"\" width=\"232\" height=\"56\" srcset=\"https:\/\/www.gymnasium-mariengarden.de\/wordpress\/wp-content\/uploads\/2016\/02\/spanisch6.jpg 421w, https:\/\/www.gymnasium-mariengarden.de\/wordpress\/wp-content\/uploads\/2016\/02\/spanisch6-300x73.jpg 300w\" sizes=\"auto, (max-width: 232px) 100vw, 232px\" \/>\u00a0\u00a0\u00a0\u00a0<img loading=\"lazy\" decoding=\"async\" class=\"wp-image-1125 alignnone\" src=\"http:\/\/gymnasium-mariengarden.de\/wordpress\/wp-content\/uploads\/2016\/02\/spanisch2.jpg\" alt=\"\" width=\"85\" height=\"85\" srcset=\"https:\/\/www.gymnasium-mariengarden.de\/wordpress\/wp-content\/uploads\/2016\/02\/spanisch2.jpg 168w, https:\/\/www.gymnasium-mariengarden.de\/wordpress\/wp-content\/uploads\/2016\/02\/spanisch2-150x150.jpg 150w\" sizes=\"auto, (max-width: 85px) 100vw, 85px\" \/><\/p>\n<p>Falls ihr, liebe Sch\u00fclerinnen und Sch\u00fcler, euch entscheidet, Spanisch als dritte Fremdsprache zu w\u00e4hlen, habt ihr einige Vorteile. Ihr macht zum einen schnellere Lernfortschritte, da ihr bereits \u00fcber entsprechende Lern- und Arbeitstechniken sowie vertiefte fremdsprachliche Lernerfahrungen verf\u00fcgt. So k\u00f6nnt ihr im Unterricht verst\u00e4rkt sprachliche Regeln, Strukturen und Formen, die ihr in anderen Sprachen kennengelernt habt, mit denen des Spanischen vergleichen, wodurch sich vieles leichter erschlie\u00dfen l\u00e4sst. Au\u00dferdem ist die Aussprache einfach, und viele Vokabeln lassen sich aus anderen Sprachen ableiten. Vielleicht ist es euch nicht bewusst, aber eine Reihe spanischer W\u00f6rter kennt ihr bereits!<\/p>\n<p><strong><b>Sek. I (9. + 10. Schuljahr):<\/b><\/strong><\/p>\n<ul style=\"list-style-type: disc;\">\n<li>Lehrbucharbeit, evtl. am Ende der Klasse 10 eine kurze Lekt\u00fcre<\/li>\n<li>Erarbeitung der grammatischen und sprachlichen Strukturen sowie des Basiswortschatzes.<\/li>\n<li>Vermittlung von Besonderheiten der spanischsprachigen Welt<\/li>\n<li>Vermittlung von kommunikativen F\u00e4higkeiten und Verf\u00fcgbarkeit sprachlicher Mittel<\/li>\n<li>Vorbereitung auf die gymnasiale Oberstufe (interkulturelles Orientierungswissen sowie grundlegende methodische Kompetenzen im Umgang mit Texten und Medien)<\/li>\n<li>Starke F\u00f6rderung der Kompetenz <i>Sprechen<\/i>:<br \/>\nam Ende der Klasse 9 seid ihr bereits in der Lage euch in einfachen vertrauten Alltags- und Unterrichtssituationen zu verst\u00e4ndigen<\/li>\n<\/ul>\n<p style=\"text-align: left;\"><b>Oberstufe:<\/b><\/p>\n<ul style=\"list-style-type: disc;\">\n<li style=\"text-align: left;\">Die grammatischen Gro\u00dfph\u00e4nomene sind in der Regel abgeschlossen, diese sind Grundlage f\u00fcr die Arbeit mit Sach- und Gebrauchstexten, die die Lehrbucharbeit abl\u00f6sen<\/li>\n<li>Lesen von Kurzgeschichten und Lekt\u00fcre eines Romans<\/li>\n<li>Die Themen in der EPh orientieren sich stark an euren Interessen (z.B. Alltag der spanischen Jugendlichen, Familie)<\/li>\n<li>In der Qualifikationsphase werden die Themen ausgeweitet auf Inhalte, die den hispanophonen Raum betreffen (z.B. Einwanderungsbewegungen, Bilinguismus in Spanien, B\u00fcrgerkrieg)<\/li>\n<\/ul>\n<p><img loading=\"lazy\" decoding=\"async\" class=\"alignnone wp-image-1126 size-full\" src=\"http:\/\/gymnasium-mariengarden.de\/wordpress\/wp-content\/uploads\/2016\/02\/spanisch3.jpg\" alt=\"\" width=\"168\" height=\"113\" \/>\u00a0\u00a0\u00a0\u00a0\u00a0\u00a0\u00a0\u00a0\u00a0 <img loading=\"lazy\" decoding=\"async\" class=\"alignnone wp-image-1127 \" src=\"http:\/\/gymnasium-mariengarden.de\/wordpress\/wp-content\/uploads\/2016\/02\/spanisch4.jpg\" alt=\"\" width=\"131\" height=\"167\" srcset=\"https:\/\/www.gymnasium-mariengarden.de\/wordpress\/wp-content\/uploads\/2016\/02\/spanisch4.jpg 314w, https:\/\/www.gymnasium-mariengarden.de\/wordpress\/wp-content\/uploads\/2016\/02\/spanisch4-236x300.jpg 236w\" sizes=\"auto, (max-width: 131px) 100vw, 131px\" \/><br \/>\n<strong>Wollt ihr\u2026<\/strong><\/p>\n<p style=\"text-align: left;\">\u2026 zu den ca. 450.000.000 Menschen geh\u00f6ren, die Spanisch auf der ganzen Welt sprechen,<\/p>\n<p style=\"text-align: left;\">\u2026 vorbereitet sein auf die wachsende Nachfrage des Spanischen in den verschiedenen Berufszweigen,<\/p>\n<p style=\"text-align: left;\" align=\"JUSTIFY\">\u2026 euch im Spanienurlaub verst\u00e4ndigen k\u00f6nnen,<\/p>\n<p style=\"text-align: left;\"><b>dann w\u00e4hlt Spanisch in der Jahrgangstufe 9!<\/b><\/p>\n<p style=\"text-align: left;\"><img loading=\"lazy\" decoding=\"async\" class=\"alignnone wp-image-1130 \" src=\"http:\/\/gymnasium-mariengarden.de\/wordpress\/wp-content\/uploads\/2016\/02\/spanisch7.jpg\" alt=\"\" width=\"274\" height=\"65\" srcset=\"https:\/\/www.gymnasium-mariengarden.de\/wordpress\/wp-content\/uploads\/2016\/02\/spanisch7.jpg 346w, https:\/\/www.gymnasium-mariengarden.de\/wordpress\/wp-content\/uploads\/2016\/02\/spanisch7-300x71.jpg 300w\" sizes=\"auto, (max-width: 274px) 100vw, 274px\" \/><img loading=\"lazy\" decoding=\"async\" class=\"alignnone wp-image-1128 \" src=\"http:\/\/gymnasium-mariengarden.de\/wordpress\/wp-content\/uploads\/2016\/02\/spanisch5.jpg\" alt=\"\" width=\"146\" height=\"104\" srcset=\"https:\/\/www.gymnasium-mariengarden.de\/wordpress\/wp-content\/uploads\/2016\/02\/spanisch5.jpg 850w, https:\/\/www.gymnasium-mariengarden.de\/wordpress\/wp-content\/uploads\/2016\/02\/spanisch5-300x214.jpg 300w, https:\/\/www.gymnasium-mariengarden.de\/wordpress\/wp-content\/uploads\/2016\/02\/spanisch5-768x548.jpg 768w\" sizes=\"auto, (max-width: 146px) 100vw, 146px\" \/><\/p>\n<p style=\"text-align: left;\"><em>Se\u00f1ora Haustein<\/em><\/p>\n","protected":false},"excerpt":{"rendered":"<p>\u00a0\u00a0\u00a0\u00a0\u00a0 Falls ihr, liebe Sch\u00fclerinnen und Sch\u00fcler, euch entscheidet, Spanisch als dritte Fremdsprache zu w\u00e4hlen, habt ihr einige Vorteile. Ihr macht zum einen schnellere Lernfortschritte, da ihr bereits \u00fcber entsprechende Lern- und Arbeitstechniken sowie vertiefte fremdsprachliche Lernerfahrungen verf\u00fcgt. So k\u00f6nnt ihr im Unterricht verst\u00e4rkt sprachliche Regeln, Strukturen und Formen, die ihr in anderen Sprachen kennengelernt &hellip; <a href=\"https:\/\/www.gymnasium-mariengarden.de\/wordpress\/differenzierung-mittelstufe\/differenzierung-spanisch\/\" class=\"more-link\"><span class=\"screen-reader-text\">Differenzierung Spanisch<\/span> weiterlesen <span class=\"meta-nav\">&rarr;<\/span><\/a><\/p>\n","protected":false},"author":13,"featured_media":0,"parent":77,"menu_order":2,"comment_status":"closed","ping_status":"open","template":"","meta":{"footnotes":""},"class_list":["post-84","page","type-page","status-publish","hentry"],"yoast_head":"<!-- This site is optimized with the Yoast SEO plugin v27.3 - https:\/\/yoast.com\/product\/yoast-seo-wordpress\/ -->\n<title>Differenzierung Spanisch - Gymnasium Mariengarden<\/title>\n<meta name=\"description\" content=\"Privates Gymnasium der Oblatenmissionare\" \/>\n<meta name=\"robots\" content=\"index, follow, max-snippet:-1, max-image-preview:large, max-video-preview:-1\" \/>\n<link rel=\"canonical\" href=\"https:\/\/www.gymnasium-mariengarden.de\/wordpress\/differenzierung-mittelstufe\/differenzierung-spanisch\/\" \/>\n<meta property=\"og:locale\" content=\"de_DE\" \/>\n<meta property=\"og:type\" content=\"article\" \/>\n<meta property=\"og:title\" content=\"Differenzierung Spanisch - Gymnasium Mariengarden\" \/>\n<meta property=\"og:description\" content=\"Privates Gymnasium der Oblatenmissionare\" \/>\n<meta property=\"og:url\" content=\"https:\/\/www.gymnasium-mariengarden.de\/wordpress\/differenzierung-mittelstufe\/differenzierung-spanisch\/\" \/>\n<meta property=\"og:site_name\" content=\"Gymnasium Mariengarden\" \/>\n<meta property=\"article:publisher\" content=\"https:\/\/www.facebook.com\/groups\/38812342437\/?locale=de_DE\" \/>\n<meta property=\"article:modified_time\" content=\"2024-03-14T07:24:24+00:00\" \/>\n<meta property=\"og:image\" content=\"http:\/\/gymnasium-mariengarden.de\/wordpress\/wp-content\/uploads\/2016\/02\/spanisch1-e1456081682690.jpg\" \/>\n<meta name=\"twitter:card\" content=\"summary_large_image\" \/>\n<meta name=\"twitter:label1\" content=\"Gesch\u00e4tzte Lesezeit\" \/>\n\t<meta name=\"twitter:data1\" content=\"2\u00a0Minuten\" \/>\n<script type=\"application\/ld+json\" class=\"yoast-schema-graph\">{\"@context\":\"https:\\\/\\\/schema.org\",\"@graph\":[{\"@type\":\"WebPage\",\"@id\":\"https:\\\/\\\/www.gymnasium-mariengarden.de\\\/wordpress\\\/differenzierung-mittelstufe\\\/differenzierung-spanisch\\\/\",\"url\":\"https:\\\/\\\/www.gymnasium-mariengarden.de\\\/wordpress\\\/differenzierung-mittelstufe\\\/differenzierung-spanisch\\\/\",\"name\":\"Differenzierung Spanisch - Gymnasium Mariengarden\",\"isPartOf\":{\"@id\":\"https:\\\/\\\/www.gymnasium-mariengarden.de\\\/wordpress\\\/#website\"},\"primaryImageOfPage\":{\"@id\":\"https:\\\/\\\/www.gymnasium-mariengarden.de\\\/wordpress\\\/differenzierung-mittelstufe\\\/differenzierung-spanisch\\\/#primaryimage\"},\"image\":{\"@id\":\"https:\\\/\\\/www.gymnasium-mariengarden.de\\\/wordpress\\\/differenzierung-mittelstufe\\\/differenzierung-spanisch\\\/#primaryimage\"},\"thumbnailUrl\":\"http:\\\/\\\/gymnasium-mariengarden.de\\\/wordpress\\\/wp-content\\\/uploads\\\/2016\\\/02\\\/spanisch1-e1456081682690.jpg\",\"datePublished\":\"2016-02-20T18:09:31+00:00\",\"dateModified\":\"2024-03-14T07:24:24+00:00\",\"description\":\"Privates Gymnasium der Oblatenmissionare\",\"breadcrumb\":{\"@id\":\"https:\\\/\\\/www.gymnasium-mariengarden.de\\\/wordpress\\\/differenzierung-mittelstufe\\\/differenzierung-spanisch\\\/#breadcrumb\"},\"inLanguage\":\"de\",\"potentialAction\":[{\"@type\":\"ReadAction\",\"target\":[\"https:\\\/\\\/www.gymnasium-mariengarden.de\\\/wordpress\\\/differenzierung-mittelstufe\\\/differenzierung-spanisch\\\/\"]}]},{\"@type\":\"ImageObject\",\"inLanguage\":\"de\",\"@id\":\"https:\\\/\\\/www.gymnasium-mariengarden.de\\\/wordpress\\\/differenzierung-mittelstufe\\\/differenzierung-spanisch\\\/#primaryimage\",\"url\":\"http:\\\/\\\/gymnasium-mariengarden.de\\\/wordpress\\\/wp-content\\\/uploads\\\/2016\\\/02\\\/spanisch1-e1456081682690.jpg\",\"contentUrl\":\"http:\\\/\\\/gymnasium-mariengarden.de\\\/wordpress\\\/wp-content\\\/uploads\\\/2016\\\/02\\\/spanisch1-e1456081682690.jpg\"},{\"@type\":\"BreadcrumbList\",\"@id\":\"https:\\\/\\\/www.gymnasium-mariengarden.de\\\/wordpress\\\/differenzierung-mittelstufe\\\/differenzierung-spanisch\\\/#breadcrumb\",\"itemListElement\":[{\"@type\":\"ListItem\",\"position\":1,\"name\":\"Startseite\",\"item\":\"https:\\\/\\\/www.gymnasium-mariengarden.de\\\/wordpress\\\/\"},{\"@type\":\"ListItem\",\"position\":2,\"name\":\"Differenzierung Mittelstufe\",\"item\":\"https:\\\/\\\/www.gymnasium-mariengarden.de\\\/wordpress\\\/differenzierung-mittelstufe\\\/\"},{\"@type\":\"ListItem\",\"position\":3,\"name\":\"Differenzierung Spanisch\"}]},{\"@type\":\"WebSite\",\"@id\":\"https:\\\/\\\/www.gymnasium-mariengarden.de\\\/wordpress\\\/#website\",\"url\":\"https:\\\/\\\/www.gymnasium-mariengarden.de\\\/wordpress\\\/\",\"name\":\"Gymnasium Mariengarden\",\"description\":\"Privates Gymnasium der Oblatenmissionare\",\"alternateName\":\"Gymnasium Mariengarden Borken-Burlo\",\"potentialAction\":[{\"@type\":\"SearchAction\",\"target\":{\"@type\":\"EntryPoint\",\"urlTemplate\":\"https:\\\/\\\/www.gymnasium-mariengarden.de\\\/wordpress\\\/?s={search_term_string}\"},\"query-input\":{\"@type\":\"PropertyValueSpecification\",\"valueRequired\":true,\"valueName\":\"search_term_string\"}}],\"inLanguage\":\"de\"}]}<\/script>\n<!-- \/ Yoast SEO plugin. -->","yoast_head_json":{"title":"Differenzierung Spanisch - Gymnasium Mariengarden","description":"Privates Gymnasium der Oblatenmissionare","robots":{"index":"index","follow":"follow","max-snippet":"max-snippet:-1","max-image-preview":"max-image-preview:large","max-video-preview":"max-video-preview:-1"},"canonical":"https:\/\/www.gymnasium-mariengarden.de\/wordpress\/differenzierung-mittelstufe\/differenzierung-spanisch\/","og_locale":"de_DE","og_type":"article","og_title":"Differenzierung Spanisch - Gymnasium Mariengarden","og_description":"Privates Gymnasium der Oblatenmissionare","og_url":"https:\/\/www.gymnasium-mariengarden.de\/wordpress\/differenzierung-mittelstufe\/differenzierung-spanisch\/","og_site_name":"Gymnasium Mariengarden","article_publisher":"https:\/\/www.facebook.com\/groups\/38812342437\/?locale=de_DE","article_modified_time":"2024-03-14T07:24:24+00:00","og_image":[{"url":"http:\/\/gymnasium-mariengarden.de\/wordpress\/wp-content\/uploads\/2016\/02\/spanisch1-e1456081682690.jpg","type":"","width":"","height":""}],"twitter_card":"summary_large_image","twitter_misc":{"Gesch\u00e4tzte Lesezeit":"2\u00a0Minuten"},"schema":{"@context":"https:\/\/schema.org","@graph":[{"@type":"WebPage","@id":"https:\/\/www.gymnasium-mariengarden.de\/wordpress\/differenzierung-mittelstufe\/differenzierung-spanisch\/","url":"https:\/\/www.gymnasium-mariengarden.de\/wordpress\/differenzierung-mittelstufe\/differenzierung-spanisch\/","name":"Differenzierung Spanisch - Gymnasium Mariengarden","isPartOf":{"@id":"https:\/\/www.gymnasium-mariengarden.de\/wordpress\/#website"},"primaryImageOfPage":{"@id":"https:\/\/www.gymnasium-mariengarden.de\/wordpress\/differenzierung-mittelstufe\/differenzierung-spanisch\/#primaryimage"},"image":{"@id":"https:\/\/www.gymnasium-mariengarden.de\/wordpress\/differenzierung-mittelstufe\/differenzierung-spanisch\/#primaryimage"},"thumbnailUrl":"http:\/\/gymnasium-mariengarden.de\/wordpress\/wp-content\/uploads\/2016\/02\/spanisch1-e1456081682690.jpg","datePublished":"2016-02-20T18:09:31+00:00","dateModified":"2024-03-14T07:24:24+00:00","description":"Privates Gymnasium der Oblatenmissionare","breadcrumb":{"@id":"https:\/\/www.gymnasium-mariengarden.de\/wordpress\/differenzierung-mittelstufe\/differenzierung-spanisch\/#breadcrumb"},"inLanguage":"de","potentialAction":[{"@type":"ReadAction","target":["https:\/\/www.gymnasium-mariengarden.de\/wordpress\/differenzierung-mittelstufe\/differenzierung-spanisch\/"]}]},{"@type":"ImageObject","inLanguage":"de","@id":"https:\/\/www.gymnasium-mariengarden.de\/wordpress\/differenzierung-mittelstufe\/differenzierung-spanisch\/#primaryimage","url":"http:\/\/gymnasium-mariengarden.de\/wordpress\/wp-content\/uploads\/2016\/02\/spanisch1-e1456081682690.jpg","contentUrl":"http:\/\/gymnasium-mariengarden.de\/wordpress\/wp-content\/uploads\/2016\/02\/spanisch1-e1456081682690.jpg"},{"@type":"BreadcrumbList","@id":"https:\/\/www.gymnasium-mariengarden.de\/wordpress\/differenzierung-mittelstufe\/differenzierung-spanisch\/#breadcrumb","itemListElement":[{"@type":"ListItem","position":1,"name":"Startseite","item":"https:\/\/www.gymnasium-mariengarden.de\/wordpress\/"},{"@type":"ListItem","position":2,"name":"Differenzierung Mittelstufe","item":"https:\/\/www.gymnasium-mariengarden.de\/wordpress\/differenzierung-mittelstufe\/"},{"@type":"ListItem","position":3,"name":"Differenzierung Spanisch"}]},{"@type":"WebSite","@id":"https:\/\/www.gymnasium-mariengarden.de\/wordpress\/#website","url":"https:\/\/www.gymnasium-mariengarden.de\/wordpress\/","name":"Gymnasium Mariengarden","description":"Privates Gymnasium der Oblatenmissionare","alternateName":"Gymnasium Mariengarden Borken-Burlo","potentialAction":[{"@type":"SearchAction","target":{"@type":"EntryPoint","urlTemplate":"https:\/\/www.gymnasium-mariengarden.de\/wordpress\/?s={search_term_string}"},"query-input":{"@type":"PropertyValueSpecification","valueRequired":true,"valueName":"search_term_string"}}],"inLanguage":"de"}]}},"_links":{"self":[{"href":"https:\/\/www.gymnasium-mariengarden.de\/wordpress\/wp-json\/wp\/v2\/pages\/84","targetHints":{"allow":["GET"]}}],"collection":[{"href":"https:\/\/www.gymnasium-mariengarden.de\/wordpress\/wp-json\/wp\/v2\/pages"}],"about":[{"href":"https:\/\/www.gymnasium-mariengarden.de\/wordpress\/wp-json\/wp\/v2\/types\/page"}],"author":[{"embeddable":true,"href":"https:\/\/www.gymnasium-mariengarden.de\/wordpress\/wp-json\/wp\/v2\/users\/13"}],"replies":[{"embeddable":true,"href":"https:\/\/www.gymnasium-mariengarden.de\/wordpress\/wp-json\/wp\/v2\/comments?post=84"}],"version-history":[{"count":5,"href":"https:\/\/www.gymnasium-mariengarden.de\/wordpress\/wp-json\/wp\/v2\/pages\/84\/revisions"}],"predecessor-version":[{"id":14825,"href":"https:\/\/www.gymnasium-mariengarden.de\/wordpress\/wp-json\/wp\/v2\/pages\/84\/revisions\/14825"}],"up":[{"embeddable":true,"href":"https:\/\/www.gymnasium-mariengarden.de\/wordpress\/wp-json\/wp\/v2\/pages\/77"}],"wp:attachment":[{"href":"https:\/\/www.gymnasium-mariengarden.de\/wordpress\/wp-json\/wp\/v2\/media?parent=84"}],"curies":[{"name":"wp","href":"https:\/\/api.w.org\/{rel}","templated":true}]}}