{"id":14728,"date":"2023-03-17T10:36:46","date_gmt":"2023-03-17T09:36:46","guid":{"rendered":"https:\/\/www.gymnasium-mariengarden.de\/?page_id=14728"},"modified":"2023-03-17T10:38:34","modified_gmt":"2023-03-17T09:38:34","slug":"praevention","status":"publish","type":"page","link":"https:\/\/www.gymnasium-mariengarden.de\/wordpress\/praevention\/","title":{"rendered":"Pr\u00e4vention Gymnasium Mariengarden"},"content":{"rendered":"\n<p>Grundlage f\u00fcr die Pr\u00e4ventionsarbeit und den Umgang mit sexuellem Missbrauch ist die<em> \u201eOrdnung zur Pr\u00e4vention gegen sexualisierte Gewalt an Minderj\u00e4hrigen und schutzbefohlenen Erwachsenen und f\u00fcr den Umgang mit sexuellem Missbrauch Minderj\u00e4hriger und schutzbefohlenener Erwachsener\u201c, herausgegeben von der Mitteleurop\u00e4ischen Provinz der Oblaten M.I.<\/em>, die sich auf die grundlegenden kirchlichen Regelungen, vor allem der Deutschen Ordensoberenkonferenz (DOK) und der Deutschen Bischofskonferenz (DBK) bezieht. Sie greift die \u201eOrdnung f\u00fcr den Umgang mit sexuellem Missbrauch Minderj\u00e4hriger und schutz- und hilfebed\u00fcrftiger Erwachsener durch Kleriker und sonstige Besch\u00e4ftigte im kirchlichen Dienst im Verantwortungsbereich der Ordensgemeinschaften\u201c vom 4. September 2020 und die entsprechende <em>\u201eRahmenordnung zur Pr\u00e4vention gegen sexualisierte Gewalt an Minderj\u00e4hrigen und schutz- und hilfebed\u00fcrftigen Erwachsenen im Bereich der Deutschen Ordensoberenkonferenz\u201c<\/em> auf.<\/p>\n\n\n\n<p>Seitens der Schule ist Michael Brands, Schulleiter des Gymnasium Mariengarden (Telefon: 02861\/ 58 91 11; E-Mail brands@gymnasium-mariengarden.de), Ansprechperson bei Verdachtsf\u00e4llen und auch gegen\u00fcber dem Bistum. Unterst\u00fctzend sind der Kreis Borken und der Sozialdienst katholischer Frauen (SkF) im Rahmen von Pr\u00e4ventionsschulungen und Beratung t\u00e4tig (siehe Flyer \u201eBeratungswege am Gymnasium Mariengarden, Burlo\u201c).<\/p>\n\n\n\n<p>Alle Ordensmitglieder und ebenso die ehrenamtlichen und haupt- und nebenberuflichen Mitarbeiterinnen und Mitarbeiter sind zu einem reflektierten Umgang mit Minderj\u00e4hrigen und Schutzbefohlenen und zur zeitnahen und angemessenen Thematisierung von Grenzverletzungen verpflichtet. Die <em>\u201eOrdnung zur Pr\u00e4vention gegen sexualisierte Gewalt an Minderj\u00e4hrigen und schutzbefohlenen Erwachsenen und f\u00fcr den Umgang mit sexuellem Missbrauch Minderj\u00e4hriger und schutzbefohlener Erwachsener\u201c<\/em> &nbsp;(Herausgeber s.o.) dient als Grundlage. Durch die Unterzeichnung einer <em>Selbstverpflichtungserkl\u00e4rung<\/em> verpflichten sich alle Ordensmitglieder und Mitarbeitenden der Schule, zum Schutze der anvertrauten M\u00e4dchen und Jungen alles in ihren Kr\u00e4ften Stehende zu tun.<\/p>\n\n\n\n<p>Bei der Einstellung von lehrenden und nicht lehrenden Besch\u00e4ftigten im schulischen Bereich ist ein \u201eErweitertes F\u00fchrungszeugnis zur Vorlage bei Beh\u00f6rden\u201c einzureichen \u2013 dieses soll im Abstand von f\u00fcnf Jahren aktualisiert eingeholt werden.<\/p>\n\n\n\n<p>Um das Selbstvertrauen der Sch\u00fclerinnen und Sch\u00fcler zu st\u00e4rken, gibt es in der f\u00fcnften Klasse w\u00f6chentlich das Programm \u201eLions Quest\u201c.&nbsp; Ferner wird das Thema in Theaterst\u00fccken wie z.B. \u201eJA HEISST JA UND \u2026\u201c \u2013 ein St\u00fcck \u00fcber Machtmissbrauch und sexualisierte Gewalt &#8211; aufgegriffen. In Zusammenarbeit mit dem SkF (Sozialdienst katholischer Frauen Bocholt e.V.) finden j\u00e4hrlich die Projekttage \u201epsycho appdate\u201c statt.<\/p>\n\n\n\n<p>Im Rahmen von Pr\u00e4ventionsschulungen, die durchschnittlich alle f\u00fcnf Jahre stattfinden, werden Lehrerinnen und Lehrer f\u00fcr das Thema sensibilisiert, geschult und begleitet.<\/p>\n\n\n\n<p>Unterst\u00fctzung finden Sch\u00fclerinnen und Sch\u00fcler, Eltern und Lehrkr\u00e4fte beim ausgebildeten Beratungslehrerteam, einer professionellen Schulsozialarbeiterin und beim Schulseelsorgeteam. Pr\u00e4ventionsfachkraft ist Michael Brands.<\/p>\n\n\n\n<p>Pr\u00e4ventionsbeauftragte der Oblaten M.I. ist Carolin Hoffmann (Telefon 0661\/ 90 19 72 46; E-Mail: <a href=\"mailto:Praevention@oblaten.de\">Praevention@oblaten.de<\/a>); Ansprechpersonen in konkreten F\u00e4llen sind Eric Janson (Telefon 0661\/ 8 73 44; E-Mail: <a href=\"mailto:eric.janson@bistum-fulda.de\">eric.janson@bistum-fulda.de<\/a>) und Anne Schmitz (Telefon 0661\/ 9 74 55; E-Mail: <a href=\"mailto:anne.schmitz@bistum-fulda.de\">anne.schmitz@bistum-fulda.de<\/a>).<\/p>\n","protected":false},"excerpt":{"rendered":"<p>Grundlage f\u00fcr die Pr\u00e4ventionsarbeit und den Umgang mit sexuellem Missbrauch ist die \u201eOrdnung zur Pr\u00e4vention gegen sexualisierte Gewalt an Minderj\u00e4hrigen und schutzbefohlenen Erwachsenen und f\u00fcr den Umgang mit sexuellem Missbrauch Minderj\u00e4hriger und schutzbefohlenener Erwachsener\u201c, herausgegeben von der Mitteleurop\u00e4ischen Provinz der Oblaten M.I., die sich auf die grundlegenden kirchlichen Regelungen, vor allem der Deutschen Ordensoberenkonferenz (DOK) &hellip; <a href=\"https:\/\/www.gymnasium-mariengarden.de\/wordpress\/praevention\/\" class=\"more-link\"><span class=\"screen-reader-text\">Pr\u00e4vention Gymnasium Mariengarden<\/span> weiterlesen <span class=\"meta-nav\">&rarr;<\/span><\/a><\/p>\n","protected":false},"author":4,"featured_media":0,"parent":0,"menu_order":0,"comment_status":"closed","ping_status":"open","template":"","meta":{"footnotes":""},"class_list":["post-14728","page","type-page","status-publish","hentry"],"yoast_head":"<!-- This site is optimized with the Yoast SEO plugin v27.3 - https:\/\/yoast.com\/product\/yoast-seo-wordpress\/ -->\n<title>Pr\u00e4vention Gymnasium Mariengarden - Gymnasium Mariengarden<\/title>\n<meta name=\"description\" content=\"Privates Gymnasium der Oblatenmissionare\" \/>\n<meta name=\"robots\" content=\"index, follow, max-snippet:-1, max-image-preview:large, max-video-preview:-1\" \/>\n<link rel=\"canonical\" href=\"https:\/\/www.gymnasium-mariengarden.de\/wordpress\/praevention\/\" \/>\n<meta property=\"og:locale\" content=\"de_DE\" \/>\n<meta property=\"og:type\" content=\"article\" \/>\n<meta property=\"og:title\" content=\"Pr\u00e4vention Gymnasium Mariengarden - Gymnasium Mariengarden\" \/>\n<meta property=\"og:description\" content=\"Privates Gymnasium der Oblatenmissionare\" \/>\n<meta property=\"og:url\" content=\"https:\/\/www.gymnasium-mariengarden.de\/wordpress\/praevention\/\" \/>\n<meta property=\"og:site_name\" content=\"Gymnasium Mariengarden\" \/>\n<meta property=\"article:publisher\" content=\"https:\/\/www.facebook.com\/groups\/38812342437\/?locale=de_DE\" \/>\n<meta property=\"article:modified_time\" content=\"2023-03-17T09:38:34+00:00\" \/>\n<meta name=\"twitter:card\" content=\"summary_large_image\" \/>\n<meta name=\"twitter:label1\" content=\"Gesch\u00e4tzte Lesezeit\" \/>\n\t<meta name=\"twitter:data1\" content=\"2\u00a0Minuten\" \/>\n<script type=\"application\/ld+json\" class=\"yoast-schema-graph\">{\"@context\":\"https:\\\/\\\/schema.org\",\"@graph\":[{\"@type\":\"WebPage\",\"@id\":\"https:\\\/\\\/www.gymnasium-mariengarden.de\\\/wordpress\\\/praevention\\\/\",\"url\":\"https:\\\/\\\/www.gymnasium-mariengarden.de\\\/wordpress\\\/praevention\\\/\",\"name\":\"Pr\u00e4vention Gymnasium Mariengarden - Gymnasium Mariengarden\",\"isPartOf\":{\"@id\":\"https:\\\/\\\/www.gymnasium-mariengarden.de\\\/wordpress\\\/#website\"},\"datePublished\":\"2023-03-17T09:36:46+00:00\",\"dateModified\":\"2023-03-17T09:38:34+00:00\",\"description\":\"Privates Gymnasium der Oblatenmissionare\",\"breadcrumb\":{\"@id\":\"https:\\\/\\\/www.gymnasium-mariengarden.de\\\/wordpress\\\/praevention\\\/#breadcrumb\"},\"inLanguage\":\"de\",\"potentialAction\":[{\"@type\":\"ReadAction\",\"target\":[\"https:\\\/\\\/www.gymnasium-mariengarden.de\\\/wordpress\\\/praevention\\\/\"]}]},{\"@type\":\"BreadcrumbList\",\"@id\":\"https:\\\/\\\/www.gymnasium-mariengarden.de\\\/wordpress\\\/praevention\\\/#breadcrumb\",\"itemListElement\":[{\"@type\":\"ListItem\",\"position\":1,\"name\":\"Startseite\",\"item\":\"https:\\\/\\\/www.gymnasium-mariengarden.de\\\/wordpress\\\/\"},{\"@type\":\"ListItem\",\"position\":2,\"name\":\"Pr\u00e4vention Gymnasium Mariengarden\"}]},{\"@type\":\"WebSite\",\"@id\":\"https:\\\/\\\/www.gymnasium-mariengarden.de\\\/wordpress\\\/#website\",\"url\":\"https:\\\/\\\/www.gymnasium-mariengarden.de\\\/wordpress\\\/\",\"name\":\"Gymnasium Mariengarden\",\"description\":\"Privates Gymnasium der Oblatenmissionare\",\"alternateName\":\"Gymnasium Mariengarden Borken-Burlo\",\"potentialAction\":[{\"@type\":\"SearchAction\",\"target\":{\"@type\":\"EntryPoint\",\"urlTemplate\":\"https:\\\/\\\/www.gymnasium-mariengarden.de\\\/wordpress\\\/?s={search_term_string}\"},\"query-input\":{\"@type\":\"PropertyValueSpecification\",\"valueRequired\":true,\"valueName\":\"search_term_string\"}}],\"inLanguage\":\"de\"}]}<\/script>\n<!-- \/ Yoast SEO plugin. -->","yoast_head_json":{"title":"Pr\u00e4vention Gymnasium Mariengarden - Gymnasium Mariengarden","description":"Privates Gymnasium der Oblatenmissionare","robots":{"index":"index","follow":"follow","max-snippet":"max-snippet:-1","max-image-preview":"max-image-preview:large","max-video-preview":"max-video-preview:-1"},"canonical":"https:\/\/www.gymnasium-mariengarden.de\/wordpress\/praevention\/","og_locale":"de_DE","og_type":"article","og_title":"Pr\u00e4vention Gymnasium Mariengarden - Gymnasium Mariengarden","og_description":"Privates Gymnasium der Oblatenmissionare","og_url":"https:\/\/www.gymnasium-mariengarden.de\/wordpress\/praevention\/","og_site_name":"Gymnasium Mariengarden","article_publisher":"https:\/\/www.facebook.com\/groups\/38812342437\/?locale=de_DE","article_modified_time":"2023-03-17T09:38:34+00:00","twitter_card":"summary_large_image","twitter_misc":{"Gesch\u00e4tzte Lesezeit":"2\u00a0Minuten"},"schema":{"@context":"https:\/\/schema.org","@graph":[{"@type":"WebPage","@id":"https:\/\/www.gymnasium-mariengarden.de\/wordpress\/praevention\/","url":"https:\/\/www.gymnasium-mariengarden.de\/wordpress\/praevention\/","name":"Pr\u00e4vention Gymnasium Mariengarden - Gymnasium Mariengarden","isPartOf":{"@id":"https:\/\/www.gymnasium-mariengarden.de\/wordpress\/#website"},"datePublished":"2023-03-17T09:36:46+00:00","dateModified":"2023-03-17T09:38:34+00:00","description":"Privates Gymnasium der Oblatenmissionare","breadcrumb":{"@id":"https:\/\/www.gymnasium-mariengarden.de\/wordpress\/praevention\/#breadcrumb"},"inLanguage":"de","potentialAction":[{"@type":"ReadAction","target":["https:\/\/www.gymnasium-mariengarden.de\/wordpress\/praevention\/"]}]},{"@type":"BreadcrumbList","@id":"https:\/\/www.gymnasium-mariengarden.de\/wordpress\/praevention\/#breadcrumb","itemListElement":[{"@type":"ListItem","position":1,"name":"Startseite","item":"https:\/\/www.gymnasium-mariengarden.de\/wordpress\/"},{"@type":"ListItem","position":2,"name":"Pr\u00e4vention Gymnasium Mariengarden"}]},{"@type":"WebSite","@id":"https:\/\/www.gymnasium-mariengarden.de\/wordpress\/#website","url":"https:\/\/www.gymnasium-mariengarden.de\/wordpress\/","name":"Gymnasium Mariengarden","description":"Privates Gymnasium der Oblatenmissionare","alternateName":"Gymnasium Mariengarden Borken-Burlo","potentialAction":[{"@type":"SearchAction","target":{"@type":"EntryPoint","urlTemplate":"https:\/\/www.gymnasium-mariengarden.de\/wordpress\/?s={search_term_string}"},"query-input":{"@type":"PropertyValueSpecification","valueRequired":true,"valueName":"search_term_string"}}],"inLanguage":"de"}]}},"_links":{"self":[{"href":"https:\/\/www.gymnasium-mariengarden.de\/wordpress\/wp-json\/wp\/v2\/pages\/14728","targetHints":{"allow":["GET"]}}],"collection":[{"href":"https:\/\/www.gymnasium-mariengarden.de\/wordpress\/wp-json\/wp\/v2\/pages"}],"about":[{"href":"https:\/\/www.gymnasium-mariengarden.de\/wordpress\/wp-json\/wp\/v2\/types\/page"}],"author":[{"embeddable":true,"href":"https:\/\/www.gymnasium-mariengarden.de\/wordpress\/wp-json\/wp\/v2\/users\/4"}],"replies":[{"embeddable":true,"href":"https:\/\/www.gymnasium-mariengarden.de\/wordpress\/wp-json\/wp\/v2\/comments?post=14728"}],"version-history":[{"count":2,"href":"https:\/\/www.gymnasium-mariengarden.de\/wordpress\/wp-json\/wp\/v2\/pages\/14728\/revisions"}],"predecessor-version":[{"id":14732,"href":"https:\/\/www.gymnasium-mariengarden.de\/wordpress\/wp-json\/wp\/v2\/pages\/14728\/revisions\/14732"}],"wp:attachment":[{"href":"https:\/\/www.gymnasium-mariengarden.de\/wordpress\/wp-json\/wp\/v2\/media?parent=14728"}],"curies":[{"name":"wp","href":"https:\/\/api.w.org\/{rel}","templated":true}]}}